{"id":11234,"date":"2022-08-07T10:39:59","date_gmt":"2022-08-07T08:39:59","guid":{"rendered":"https:\/\/www.forlivinginterior.ch\/?page_id=11234"},"modified":"2022-11-08T09:55:38","modified_gmt":"2022-11-08T08:55:38","slug":"residential-de","status":"publish","type":"page","link":"https:\/\/www.forlivinginterior.ch\/de\/residential-de\/","title":{"rendered":"Residential"},"content":{"rendered":"\n\n  <div class=\"banner has-hover\" id=\"banner-422008496\">\n          <div class=\"banner-inner fill\">\n        <div class=\"banner-bg fill\" >\n            <img loading=\"lazy\" decoding=\"async\" width=\"1920\" height=\"710\" src=\"https:\/\/www.forlivinginterior.ch\/wp-content\/uploads\/2019\/11\/interior-design-references-residential.jpg\" class=\"bg attachment-original size-original\" alt=\"interior-design-references-residential\" \/>                        <div class=\"overlay\"><\/div>            \n                    <\/div>\n\t\t\n        <div class=\"banner-layers container\">\n            <div class=\"fill banner-link\"><\/div>            \n\n   <div id=\"text-box-2043503023\" class=\"text-box banner-layer x50 md-x50 lg-x50 y50 md-y50 lg-y50 res-text\">\n                                <div class=\"text-box-content text dark\">\n              \n              <div class=\"text-inner text-center\">\n                  \n\n\t<div class=\"img has-hover x md-x lg-x y md-y lg-y\" id=\"image_1863302082\">\n\t\t\t\t\t\t\t\t<div class=\"img-inner dark\" >\n\t\t\t<img loading=\"lazy\" decoding=\"async\" width=\"236\" height=\"100\" src=\"https:\/\/www.forlivinginterior.ch\/wp-content\/uploads\/2019\/10\/logo-for-living-white.png\" class=\"attachment-original size-original\" alt=\"logo for living white\" \/>\t\t\t\t\t\t\n\t\t\t\t\t<\/div>\n\t\t\t\t\t\t\t\t\n<style>\n#image_1863302082 {\n  width: 50%;\n}\n@media (min-width:550px) {\n  #image_1863302082 {\n    width: 40%;\n  }\n}\n@media (min-width:850px) {\n  #image_1863302082 {\n    width: 30%;\n  }\n}\n<\/style>\n\t<\/div>\n\t\n\n<h4>RESIDENTIAL<\/h4>\n\t<div class=\"img has-hover x md-x lg-x y md-y lg-y\" id=\"image_1032889274\">\n\t\t\t\t\t\t\t\t<div class=\"img-inner dark\" >\n\t\t\t<img loading=\"lazy\" decoding=\"async\" width=\"1\" height=\"1\" src=\"https:\/\/www.forlivinginterior.ch\/wp-content\/uploads\/2019\/10\/italy.svg\" class=\"attachment-large size-large\" alt=\"italy\" \/>\t\t\t\t\t\t\n\t\t\t\t\t<\/div>\n\t\t\t\t\t\t\t\t\n<style>\n#image_1032889274 {\n  width: 10%;\n}\n<\/style>\n\t<\/div>\n\t\n\n\n              <\/div>\n           <\/div>\n                            \n<style>\n#text-box-2043503023 {\n  width: 80%;\n}\n#text-box-2043503023 .text-box-content {\n  font-size: 100%;\n}\n@media (min-width:550px) {\n  #text-box-2043503023 {\n    width: 60%;\n  }\n}\n<\/style>\n    <\/div>\n \n   <div id=\"text-box-1645415876\" class=\"text-box banner-layer x50 md-x50 lg-x50 y95 md-y95 lg-y95 res-text\">\n                                <div class=\"text-box-content text dark\">\n              \n              <div class=\"text-inner text-center\">\n                  \n\n\t<div class=\"img has-hover x md-x lg-x y md-y lg-y\" id=\"image_1410355447\">\n\t\t<a class=\"\" href=\"#referenze\" >\t\t\t\t\t\t<div class=\"img-inner dark\" >\n\t\t\t<img loading=\"lazy\" decoding=\"async\" width=\"45\" height=\"180\" src=\"https:\/\/www.forlivinginterior.ch\/wp-content\/uploads\/2019\/10\/freccia-animated-high.gif\" class=\"attachment-original size-original\" alt=\"freccia animated high\" \/>\t\t\t\t\t\t\n\t\t\t\t\t<\/div>\n\t\t\t\t\t\t<\/a>\t\t\n<style>\n#image_1410355447 {\n  width: 2%;\n}\n<\/style>\n\t<\/div>\n\t\n\n\n              <\/div>\n           <\/div>\n                            \n<style>\n#text-box-1645415876 {\n  width: 60%;\n}\n#text-box-1645415876 .text-box-content {\n  font-size: 100%;\n}\n<\/style>\n    <\/div>\n \n\n        <\/div>\n      <\/div>\n\n            \n<style>\n#banner-422008496 {\n  padding-top: 300px;\n}\n#banner-422008496 .overlay {\n  background-color: rgba(45, 45, 53, 0.6);\n}\n@media (min-width:550px) {\n  #banner-422008496 {\n    padding-top: 400px;\n  }\n}\n@media (min-width:850px) {\n  #banner-422008496 {\n    padding-top: 40%;\n  }\n}\n<\/style>\n  <\/div>\n\n\n<span class=\"scroll-to\" data-label=\"Scroll to: #referenze\" data-bullet=\"false\" data-link=\"#referenze\" data-title=\"Referenze\"><a name=\"referenze\"><\/a><\/span>\n\n\n\t<section class=\"section\" id=\"section_1183961624\">\n\t\t<div class=\"section-bg fill\" >\n\t\t\t\t\t\t\t\t\t\n\t\t\t\n\n\t\t<\/div>\n\n\t\t\n\n\t\t<div class=\"section-content relative\">\n\t\t\t\n\n\t<div id=\"gap-964899254\" class=\"gap-element clearfix\" style=\"display:block; height:auto;\">\n\t\t\n<style>\n#gap-964899254 {\n  padding-top: 30px;\n}\n<\/style>\n\t<\/div>\n\t\n\n<div class=\"row align-center\"  id=\"row-1671284838\">\n\n\n\t<div id=\"col-598436675\" class=\"col medium-4 small-12 large-4\"  >\n\t\t\t\t<div class=\"col-inner text-center\"  >\n\t\t\t\n\t\t\t\n\n<h1>REFERENZEN<\/h1>\n\n\t\t<\/div>\n\t\t\t\t\t<\/div>\n\n\t\n\n<\/div>\n<div class=\"row row-small\"  id=\"row-694930779\">\n\n\n\t<div id=\"col-1992733602\" class=\"col medium-4 small-12 large-4\"  >\n\t\t\t\t<div class=\"col-inner\"  >\n\t\t\t\n\t\t\t\n\n\n  <div class=\"banner has-hover bg-color\" id=\"banner-1264190167\">\n          <div class=\"banner-inner fill\">\n        <div class=\"banner-bg fill\" >\n            <img loading=\"lazy\" decoding=\"async\" width=\"335\" height=\"250\" src=\"https:\/\/www.forlivinginterior.ch\/wp-content\/uploads\/2020\/03\/home-interior-design-Milano-apartment-livingroom-window-for-living-fantibozzetti-.jpg\" class=\"bg attachment-original size-original\" alt=\"home interior design Milano apartment livingroom window for living fantibozzetti\" \/>                                    \n                    <\/div>\n\t\t\n        <div class=\"banner-layers container\">\n            <a class=\"fill\" href=\"https:\/\/www.forlivinginterior.ch\/de\/residential-de\/appartment-in-mailand\/\"><div class=\"fill banner-link\"><\/div><\/a>            \n\n   <div id=\"text-box-241838622\" class=\"text-box banner-layer x50 md-x50 lg-x50 y100 md-y100 lg-y100 res-text\">\n                                <div class=\"text-box-content text dark\">\n              \n              <div class=\"text-inner text-left\">\n                  \n\n<p><a href=\"https:\/\/www.forlivinginterior.ch\/de\/residential-de\/appartment-in-mailand\/\"><span style=\"font-size: 150%;\">APPARTMENT IN MAILAND<\/span> <\/a><a href=\"https:\/\/www.forlivinginterior.ch\/de\/residential-de\/appartment-in-mailand\/\"><img loading=\"lazy\" decoding=\"async\" class=\"alignnone\" src=\"https:\/\/www.forlivinginterior.ch\/wp-content\/uploads\/2019\/10\/arrow_right_white.svg\" alt=\"\" width=\"80\" height=\"17\" \/><\/a><\/p>\n<p class=\"uppercase\"><span style=\"font-size: 110%;\">mailand, italien &#8211; PRIVATES APT.<\/span><\/p>\n\n              <\/div>\n           <\/div>\n                            \n<style>\n#text-box-241838622 .text-box-content {\n  background-color: rgba(31, 28, 25, 0.75);\n  font-size: 140%;\n}\n#text-box-241838622 .text-inner {\n  padding: 10px 10px 10px 10px;\n}\n#text-box-241838622 {\n  width: 90%;\n}\n<\/style>\n    <\/div>\n \n\n        <\/div>\n      <\/div>\n\n            \n<style>\n#banner-1264190167 {\n  padding-top: 250px;\n}\n<\/style>\n  <\/div>\n\n\n\n\t\t<\/div>\n\t\t\t\t\t<\/div>\n\n\t\n\n\t<div id=\"col-992416791\" class=\"col medium-4 small-12 large-4\"  >\n\t\t\t\t<div class=\"col-inner\"  >\n\t\t\t\n\t\t\t\n\n\n  <div class=\"banner has-hover bg-color\" id=\"banner-580696731\">\n          <div class=\"banner-inner fill\">\n        <div class=\"banner-bg fill\" >\n            <img loading=\"lazy\" decoding=\"async\" width=\"335\" height=\"250\" src=\"https:\/\/www.forlivinginterior.ch\/wp-content\/uploads\/2019\/10\/bespoke-interior-design-darkin-bar-for-living.jpg\" class=\"bg attachment-original size-original\" alt=\"\" \/>                                    \n                    <\/div>\n\t\t\n        <div class=\"banner-layers container\">\n            <a class=\"fill\" href=\"https:\/\/www.forlivinginterior.ch\/de\/residential-de\/appartment-in-moskau\/\"><div class=\"fill banner-link\"><\/div><\/a>            \n\n   <div id=\"text-box-135542468\" class=\"text-box banner-layer x50 md-x50 lg-x50 y100 md-y100 lg-y100 res-text\">\n                                <div class=\"text-box-content text dark\">\n              \n              <div class=\"text-inner text-left\">\n                  \n\n<p><a href=\"https:\/\/www.forlivinginterior.ch\/de\/residential-de\/appartment-in-moskau\/\"><span style=\"font-size: 150%;\">APPARTMENT IN MOSKAU<\/span> <\/a><a href=\"https:\/\/www.forlivinginterior.ch\/de\/residential-de\/appartment-in-moskau\/\"><img loading=\"lazy\" decoding=\"async\" class=\"alignnone\" src=\"https:\/\/www.forlivinginterior.ch\/wp-content\/uploads\/2019\/10\/arrow_right_white.svg\" alt=\"\" width=\"80\" height=\"17\" \/><\/a><\/p>\n<p class=\"uppercase\"><span style=\"font-size: 110%;\">Moskau, Russland &#8211; PRIVATES APT.<\/span><\/p>\n\n              <\/div>\n           <\/div>\n                            \n<style>\n#text-box-135542468 .text-box-content {\n  background-color: rgba(31, 28, 25, 0.75);\n  font-size: 140%;\n}\n#text-box-135542468 .text-inner {\n  padding: 10px 10px 10px 10px;\n}\n#text-box-135542468 {\n  width: 90%;\n}\n<\/style>\n    <\/div>\n \n\n        <\/div>\n      <\/div>\n\n            \n<style>\n#banner-580696731 {\n  padding-top: 250px;\n}\n<\/style>\n  <\/div>\n\n\n\n\t\t<\/div>\n\t\t\t\t\t<\/div>\n\n\t\n\n\t<div id=\"col-1229522551\" class=\"col medium-4 small-12 large-4\"  >\n\t\t\t\t<div class=\"col-inner\"  >\n\t\t\t\n\t\t\t\n\n\n  <div class=\"banner has-hover bg-color\" id=\"banner-274246211\">\n          <div class=\"banner-inner fill\">\n        <div class=\"banner-bg fill\" >\n            <img loading=\"lazy\" decoding=\"async\" width=\"335\" height=\"250\" src=\"https:\/\/www.forlivinginterior.ch\/wp-content\/uploads\/2019\/10\/bespoke-interior-design-bellavista-outdoor-furniture-for-living.jpg\" class=\"bg attachment-original size-original\" alt=\"\" \/>                                    \n                    <\/div>\n\t\t\n        <div class=\"banner-layers container\">\n            <a class=\"fill\" href=\"https:\/\/www.forlivinginterior.ch\/de\/residential-de\/bellavista-de\/\"><div class=\"fill banner-link\"><\/div><\/a>            \n\n   <div id=\"text-box-1675153472\" class=\"text-box banner-layer x50 md-x50 lg-x50 y100 md-y100 lg-y100 res-text\">\n                                <div class=\"text-box-content text dark\">\n              \n              <div class=\"text-inner text-left\">\n                  \n\n<p><a href=\"https:\/\/www.forlivinginterior.ch\/de\/residential-de\/bellavista-de\/\"><span style=\"font-size: 150%;\">BELLAVISTA<\/span> <img decoding=\"async\" src=\"https:\/\/www.forlivinginterior.ch\/wp-content\/uploads\/2019\/10\/arrow_right_white.svg\" \/><\/a><\/p>\n<p><span style=\"font-size: 110%;\">COMO, ITALIEN &#8211; PRIVATES APT. <\/span><\/p>\n\n              <\/div>\n           <\/div>\n                            \n<style>\n#text-box-1675153472 .text-box-content {\n  background-color: rgba(31, 28, 25, 0.75);\n  font-size: 140%;\n}\n#text-box-1675153472 .text-inner {\n  padding: 10px 10px 10px 10px;\n}\n#text-box-1675153472 {\n  width: 90%;\n}\n<\/style>\n    <\/div>\n \n\n        <\/div>\n      <\/div>\n\n            \n<style>\n#banner-274246211 {\n  padding-top: 250px;\n}\n<\/style>\n  <\/div>\n\n\n\n\t\t<\/div>\n\t\t\t\t\t<\/div>\n\n\t\n\n\t<div id=\"col-1421893818\" class=\"col medium-4 small-12 large-4\"  >\n\t\t\t\t<div class=\"col-inner\"  >\n\t\t\t\n\t\t\t\n\n<p><strong>For Living Interior<\/strong> ist ein Interiordesign Unternehmen das  &#8222;schl\u00fcsselfertige&#8220; Projekte realisiert und Ma\u00dfm\u00f6bel und Innenausstattungen f\u00fcr Hotels, Privatresidenzen, Restaurants, Gesch\u00e4ftsfl\u00e4chen, Yachten und Kreuzfahrtschiffe liefert.<\/p>\n<p><a href=\"https:\/\/www.forlivinginterior.ch\/de\/kontakte\/\">KONTAKTIEREN SIE UNS<img decoding=\"async\" src=\"https:\/\/www.forlivinginterior.ch\/wp-content\/uploads\/2019\/10\/arrow_right.svg\"><\/a><\/p>\n\n\n\t\t<\/div>\n\t\t\t\t\n<style>\n#col-1421893818 > .col-inner {\n  margin: 30px 0px 0px 0px;\n}\n<\/style>\n\t<\/div>\n\n\t\n\n\t<div id=\"col-1099816607\" class=\"col medium-4 small-12 large-4\"  >\n\t\t\t\t<div class=\"col-inner\"  >\n\t\t\t\n\t\t\t\n\n\n  <div class=\"banner has-hover bg-color\" id=\"banner-1134942595\">\n          <div class=\"banner-inner fill\">\n        <div class=\"banner-bg fill\" >\n            <img loading=\"lazy\" decoding=\"async\" width=\"335\" height=\"250\" src=\"https:\/\/www.forlivinginterior.ch\/wp-content\/uploads\/2019\/11\/bespoke-interior-design-belvedere-apartment-for-living.jpg\" class=\"bg attachment-original size-original\" alt=\"\" \/>                                    \n                    <\/div>\n\t\t\n        <div class=\"banner-layers container\">\n            <a class=\"fill\" href=\"https:\/\/www.forlivinginterior.ch\/de\/residential-de\/belvedere-de\/\"><div class=\"fill banner-link\"><\/div><\/a>            \n\n   <div id=\"text-box-22240772\" class=\"text-box banner-layer x50 md-x50 lg-x50 y100 md-y100 lg-y100 res-text\">\n                                <div class=\"text-box-content text dark\">\n              \n              <div class=\"text-inner text-left\">\n                  \n\n<p><a href=\"https:\/\/www.forlivinginterior.ch\/de\/residential-de\/belvedere-de\/\"><span style=\"font-size: 150%;\">BELVEDERE<\/span> <img decoding=\"async\" src=\"https:\/\/www.forlivinginterior.ch\/wp-content\/uploads\/2019\/10\/arrow_right_white.svg\" \/><\/a><\/p>\n<p><span style=\"font-size: 110%;\">LE CANNET, FRANKREICH &#8211; PRIVATES APT.<\/span><\/p>\n\n              <\/div>\n           <\/div>\n                            \n<style>\n#text-box-22240772 .text-box-content {\n  background-color: rgba(31, 28, 25, 0.75);\n  font-size: 140%;\n}\n#text-box-22240772 .text-inner {\n  padding: 10px 10px 10px 10px;\n}\n#text-box-22240772 {\n  width: 90%;\n}\n<\/style>\n    <\/div>\n \n\n        <\/div>\n      <\/div>\n\n            \n<style>\n#banner-1134942595 {\n  padding-top: 250px;\n}\n<\/style>\n  <\/div>\n\n\n\n\t\t<\/div>\n\t\t\t\t\n<style>\n#col-1099816607 > .col-inner {\n  margin: 30px 0px 0px 0px;\n}\n<\/style>\n\t<\/div>\n\n\t\n\n\t<div id=\"col-1017092522\" class=\"col medium-4 small-12 large-4\"  >\n\t\t\t\t<div class=\"col-inner\"  >\n\t\t\t\n\t\t\t\n\n\n  <div class=\"banner has-hover bg-color\" id=\"banner-1089729906\">\n          <div class=\"banner-inner fill\">\n        <div class=\"banner-bg fill\" >\n            <img loading=\"lazy\" decoding=\"async\" width=\"335\" height=\"250\" src=\"https:\/\/www.forlivinginterior.ch\/wp-content\/uploads\/2019\/10\/bespoke-interior-design-centerbay-tv-units-for-living.jpg\" class=\"bg attachment-original size-original\" alt=\"\" \/>                                    \n                    <\/div>\n\t\t\n        <div class=\"banner-layers container\">\n            <a class=\"fill\" href=\"https:\/\/www.forlivinginterior.ch\/de\/residential-de\/centerbay-de\/\"><div class=\"fill banner-link\"><\/div><\/a>            \n\n   <div id=\"text-box-108860144\" class=\"text-box banner-layer x50 md-x50 lg-x50 y100 md-y100 lg-y100 res-text\">\n                                <div class=\"text-box-content text dark\">\n              \n              <div class=\"text-inner text-left\">\n                  \n\n<p><a href=\"https:\/\/www.forlivinginterior.ch\/de\/residential-de\/centerbay-de\/\"><span style=\"font-size: 150%;\">CENTERBAY<\/span> <img decoding=\"async\" src=\"https:\/\/www.forlivinginterior.ch\/wp-content\/uploads\/2019\/10\/arrow_right_white.svg\" \/><\/a><\/p>\n<p><span style=\"font-size: 110%;\">ANTIBES, FRANKREICH &#8211; PRIVATES APT.<\/span><\/p>\n\n              <\/div>\n           <\/div>\n                            \n<style>\n#text-box-108860144 .text-box-content {\n  background-color: rgba(31, 28, 25, 0.75);\n  font-size: 140%;\n}\n#text-box-108860144 .text-inner {\n  padding: 10px 10px 10px 10px;\n}\n#text-box-108860144 {\n  width: 90%;\n}\n<\/style>\n    <\/div>\n \n\n        <\/div>\n      <\/div>\n\n            \n<style>\n#banner-1089729906 {\n  padding-top: 250px;\n}\n<\/style>\n  <\/div>\n\n\n\n\t\t<\/div>\n\t\t\t\t\n<style>\n#col-1017092522 > .col-inner {\n  margin: 30px 0px 0px 0px;\n}\n<\/style>\n\t<\/div>\n\n\t\n\n\t<div id=\"col-1849588939\" class=\"col medium-4 small-12 large-4\"  >\n\t\t\t\t<div class=\"col-inner\"  >\n\t\t\t\n\t\t\t\n\n\n  <div class=\"banner has-hover bg-color\" id=\"banner-1800644394\">\n          <div class=\"banner-inner fill\">\n        <div class=\"banner-bg fill\" >\n            <img loading=\"lazy\" decoding=\"async\" width=\"335\" height=\"250\" src=\"https:\/\/www.forlivinginterior.ch\/wp-content\/uploads\/2022\/11\/bespoke-interior-design-chamonix-for-living.jpeg\" class=\"bg attachment-original size-original\" alt=\"\" \/>                                    \n                    <\/div>\n\t\t\n        <div class=\"banner-layers container\">\n            <a class=\"fill\" href=\"https:\/\/www.forlivinginterior.ch\/de\/residential-de\/chalet-in-chamonix\/\"><div class=\"fill banner-link\"><\/div><\/a>            \n\n   <div id=\"text-box-739543454\" class=\"text-box banner-layer x50 md-x50 lg-x50 y100 md-y100 lg-y100 res-text\">\n                                <div class=\"text-box-content text dark\">\n              \n              <div class=\"text-inner text-left\">\n                  \n\n<p><a href=https:\/\/www.forlivinginterior.ch\/de\/residential-de\/chalet-in-chamonix\/\"><span style=\"font-size: 150%;\">CHALET IN CHAMONIX<\/span> <\/a><a href=\"https:\/\/www.forlivinginterior.ch\/de\/residential-de\/chalet-in-chamonix\/\"><img loading=\"lazy\" decoding=\"async\" class=\"alignnone\" src=\"https:\/\/www.forlivinginterior.ch\/wp-content\/uploads\/2019\/10\/arrow_right_white.svg\" alt=\"\" width=\"80\" height=\"17\" \/><\/a><\/p>\n<p class=\"uppercase\"><span style=\"font-size: 110%;\">Chamonix, Frankreich &#8211; PRIVATES APT.<\/span><\/p>\n\n              <\/div>\n           <\/div>\n                            \n<style>\n#text-box-739543454 .text-box-content {\n  background-color: rgba(31, 28, 25, 0.75);\n  font-size: 140%;\n}\n#text-box-739543454 .text-inner {\n  padding: 10px 10px 10px 10px;\n}\n#text-box-739543454 {\n  width: 90%;\n}\n<\/style>\n    <\/div>\n \n\n        <\/div>\n      <\/div>\n\n            \n<style>\n#banner-1800644394 {\n  padding-top: 250px;\n}\n<\/style>\n  <\/div>\n\n\n\n\t\t<\/div>\n\t\t\t\t\n<style>\n#col-1849588939 > .col-inner {\n  margin: 30px 0px 0px 0px;\n}\n<\/style>\n\t<\/div>\n\n\t\n\n\t<div id=\"col-144698008\" class=\"col medium-4 small-12 large-4\"  >\n\t\t\t\t<div class=\"col-inner\"  >\n\t\t\t\n\t\t\t\n\n\n  <div class=\"banner has-hover bg-color\" id=\"banner-1437823552\">\n          <div class=\"banner-inner fill\">\n        <div class=\"banner-bg fill\" >\n            <img loading=\"lazy\" decoding=\"async\" width=\"335\" height=\"250\" src=\"https:\/\/www.forlivinginterior.ch\/wp-content\/uploads\/2019\/10\/bespoke-interior-design-mountain-chalet-kitchen-for-living.jpg\" class=\"bg attachment-original size-original\" alt=\"\" \/>                                    \n                    <\/div>\n\t\t\n        <div class=\"banner-layers container\">\n            <a class=\"fill\" href=\"https:\/\/www.forlivinginterior.ch\/de\/residential-de\/chalet-in-courchevel\/\"><div class=\"fill banner-link\"><\/div><\/a>            \n\n   <div id=\"text-box-1768204049\" class=\"text-box banner-layer x50 md-x50 lg-x50 y100 md-y100 lg-y100 res-text\">\n                                <div class=\"text-box-content text dark\">\n              \n              <div class=\"text-inner text-left\">\n                  \n\n<p><a href=https:\/\/www.forlivinginterior.ch\/de\/residential-de\/chalet-in-courchevel\/\"><span style=\"font-size: 150%;\">CHALET IN COURCHEVEL<\/span> <\/a><a href=\"https:\/\/www.forlivinginterior.ch\/de\/residential-de\/chalet-in-courchevel\/\"><img loading=\"lazy\" decoding=\"async\" class=\"alignnone\" src=\"https:\/\/www.forlivinginterior.ch\/wp-content\/uploads\/2019\/10\/arrow_right_white.svg\" alt=\"\" width=\"80\" height=\"17\" \/><\/a><\/p>\n<p class=\"uppercase\"><span style=\"font-size: 110%;\">Courchevel, Frankreich &#8211; PRIVATES APT.<\/span><\/p>\n\n              <\/div>\n           <\/div>\n                            \n<style>\n#text-box-1768204049 .text-box-content {\n  background-color: rgba(31, 28, 25, 0.75);\n  font-size: 140%;\n}\n#text-box-1768204049 .text-inner {\n  padding: 10px 10px 10px 10px;\n}\n#text-box-1768204049 {\n  width: 90%;\n}\n<\/style>\n    <\/div>\n \n\n        <\/div>\n      <\/div>\n\n            \n<style>\n#banner-1437823552 {\n  padding-top: 250px;\n}\n<\/style>\n  <\/div>\n\n\n\n\t\t<\/div>\n\t\t\t\t\n<style>\n#col-144698008 > .col-inner {\n  margin: 30px 0px 0px 0px;\n}\n<\/style>\n\t<\/div>\n\n\t\n\n\t<div id=\"col-587982312\" class=\"col medium-4 small-12 large-4\"  >\n\t\t\t\t<div class=\"col-inner\"  >\n\t\t\t\n\t\t\t\n\n\n  <div class=\"banner has-hover bg-color\" id=\"banner-1287993451\">\n          <div class=\"banner-inner fill\">\n        <div class=\"banner-bg fill\" >\n            <img loading=\"lazy\" decoding=\"async\" width=\"455\" height=\"325\" src=\"https:\/\/www.forlivinginterior.ch\/wp-content\/uploads\/2019\/10\/interior-design-private-residential-1.jpg\" class=\"bg attachment-original size-original\" alt=\"interior design private residential 1\" \/>                                    \n                    <\/div>\n\t\t\n        <div class=\"banner-layers container\">\n            <a class=\"fill\" href=\"https:\/\/www.forlivinginterior.ch\/de\/residential-de\/olive-tree-villa-de\/\"><div class=\"fill banner-link\"><\/div><\/a>            \n\n   <div id=\"text-box-1706711154\" class=\"text-box banner-layer x50 md-x50 lg-x50 y100 md-y100 lg-y100 res-text\">\n                                <div class=\"text-box-content text dark\">\n              \n              <div class=\"text-inner text-left\">\n                  \n\n<p><a href=\"https:\/\/www.forlivinginterior.ch\/de\/residential-de\/olive-tree-villa-de\/\"><\/p>\n<p><span style=\"font-size: 150%;\">OLIVE TREE VILLA<\/span> <img decoding=\"async\" src=\"https:\/\/www.forlivinginterior.ch\/wp-content\/uploads\/2019\/10\/arrow_right_white.svg\" \/><\/p>\n<p><span style=\"font-size: 110%;\">OPIO, FRANKREICH &#8211; PRIVATE VILLA<\/span><\/a><\/p>\n\n              <\/div>\n           <\/div>\n                            \n<style>\n#text-box-1706711154 .text-box-content {\n  background-color: rgba(31, 28, 25, 0.75);\n  font-size: 140%;\n}\n#text-box-1706711154 .text-inner {\n  padding: 10px 10px 10px 10px;\n}\n#text-box-1706711154 {\n  width: 90%;\n}\n<\/style>\n    <\/div>\n \n\n        <\/div>\n      <\/div>\n\n            \n<style>\n#banner-1287993451 {\n  padding-top: 250px;\n}\n<\/style>\n  <\/div>\n\n\n\n\t\t<\/div>\n\t\t\t\t\n<style>\n#col-587982312 > .col-inner {\n  margin: 30px 0px 0px 0px;\n}\n<\/style>\n\t<\/div>\n\n\t\n\n\t<div id=\"col-820205410\" class=\"col medium-4 small-12 large-4\"  >\n\t\t\t\t<div class=\"col-inner\"  >\n\t\t\t\n\t\t\t\n\n\n  <div class=\"banner has-hover bg-color\" id=\"banner-1866500361\">\n          <div class=\"banner-inner fill\">\n        <div class=\"banner-bg fill\" >\n            <img loading=\"lazy\" decoding=\"async\" width=\"335\" height=\"250\" src=\"https:\/\/www.forlivinginterior.ch\/wp-content\/uploads\/2019\/10\/bespoke-interior-design-penthouse-cannes-panoramic-windows-for-living.jpg\" class=\"bg attachment-original size-original\" alt=\"\" \/>                                    \n                    <\/div>\n\t\t\n        <div class=\"banner-layers container\">\n            <a class=\"fill\" href=\"https:\/\/www.forlivinginterior.ch\/de\/residential-de\/penthouse-in-cannes\/\"><div class=\"fill banner-link\"><\/div><\/a>            \n\n   <div id=\"text-box-390150530\" class=\"text-box banner-layer x50 md-x50 lg-x50 y100 md-y100 lg-y100 res-text\">\n                                <div class=\"text-box-content text dark\">\n              \n              <div class=\"text-inner text-left\">\n                  \n\n<p><a href=\"https:\/\/www.forlivinginterior.ch\/de\/residential-de\/penthouse-in-cannes\/\"><span style=\"font-size: 150%;\">PENTHOUSE IN CANNES<\/span> <img decoding=\"async\" src=\"https:\/\/www.forlivinginterior.ch\/wp-content\/uploads\/2019\/10\/arrow_right_white.svg\" \/><\/p>\n<p class=\"uppercase\"><span style=\"font-size: 110%;\">Cannes, FRANKREICH &#8211; privates apt.<\/span><\/a><\/p>\n\n              <\/div>\n           <\/div>\n                            \n<style>\n#text-box-390150530 .text-box-content {\n  background-color: rgba(31, 28, 25, 0.75);\n  font-size: 140%;\n}\n#text-box-390150530 .text-inner {\n  padding: 10px 10px 10px 10px;\n}\n#text-box-390150530 {\n  width: 90%;\n}\n<\/style>\n    <\/div>\n \n\n        <\/div>\n      <\/div>\n\n            \n<style>\n#banner-1866500361 {\n  padding-top: 250px;\n}\n<\/style>\n  <\/div>\n\n\n\n\t\t<\/div>\n\t\t\t\t\n<style>\n#col-820205410 > .col-inner {\n  margin: 30px 0px 0px 0px;\n}\n<\/style>\n\t<\/div>\n\n\t\n\n\t<div id=\"col-826875514\" class=\"col medium-4 small-12 large-4\"  >\n\t\t\t\t<div class=\"col-inner\"  >\n\t\t\t\n\t\t\t\n\n\n  <div class=\"banner has-hover bg-color\" id=\"banner-1197996457\">\n          <div class=\"banner-inner fill\">\n        <div class=\"banner-bg fill\" >\n            <img loading=\"lazy\" decoding=\"async\" width=\"335\" height=\"250\" src=\"https:\/\/www.forlivinginterior.ch\/wp-content\/uploads\/2019\/10\/bespoke-interior-design-apartment-leroy-operable-bar-for-living.jpg\" class=\"bg attachment-original size-original\" alt=\"\" \/>                                    \n                    <\/div>\n\t\t\n        <div class=\"banner-layers container\">\n            <a class=\"fill\" href=\"https:\/\/www.forlivinginterior.ch\/de\/residential-de\/penthouse-leroy-de\/\"><div class=\"fill banner-link\"><\/div><\/a>            \n\n   <div id=\"text-box-207169849\" class=\"text-box banner-layer x50 md-x50 lg-x50 y100 md-y100 lg-y100 res-text\">\n                                <div class=\"text-box-content text dark\">\n              \n              <div class=\"text-inner text-left\">\n                  \n\n<p><a href=\"https:\/\/www.forlivinginterior.ch\/de\/residential-de\/penthouse-leroy-de\/\"><span style=\"font-size: 150%;\">PENTHOUSE LEROY<\/span> <\/a><a href=\"https:\/\/www.forlivinginterior.ch\/de\/residential-de\/penthouse-leroy-de\/\"><img loading=\"lazy\" decoding=\"async\" class=\"alignnone\" src=\"https:\/\/www.forlivinginterior.ch\/wp-content\/uploads\/2019\/10\/arrow_right_white.svg\" alt=\"\" width=\"80\" height=\"17\" \/><\/a><\/p>\n<p><span style=\"font-size: 110%;\">NEW YORK, USA &#8211; PRIVATES APT. <\/span><\/p>\n\n              <\/div>\n           <\/div>\n                            \n<style>\n#text-box-207169849 .text-box-content {\n  background-color: rgba(31, 28, 25, 0.75);\n  font-size: 140%;\n}\n#text-box-207169849 .text-inner {\n  padding: 10px 10px 10px 10px;\n}\n#text-box-207169849 {\n  width: 90%;\n}\n<\/style>\n    <\/div>\n \n\n        <\/div>\n      <\/div>\n\n            \n<style>\n#banner-1197996457 {\n  padding-top: 250px;\n}\n<\/style>\n  <\/div>\n\n\n\n\t\t<\/div>\n\t\t\t\t\n<style>\n#col-826875514 > .col-inner {\n  margin: 30px 0px 0px 0px;\n}\n<\/style>\n\t<\/div>\n\n\t\n\n\t<div id=\"col-758624682\" class=\"col medium-4 small-12 large-4\"  >\n\t\t\t\t<div class=\"col-inner\"  >\n\t\t\t\n\t\t\t\n\n\n  <div class=\"banner has-hover bg-color\" id=\"banner-2147289256\">\n          <div class=\"banner-inner fill\">\n        <div class=\"banner-bg fill\" >\n            <img loading=\"lazy\" decoding=\"async\" width=\"335\" height=\"250\" src=\"https:\/\/www.forlivinginterior.ch\/wp-content\/uploads\/2019\/10\/bespoke-interior-design-petit-afrique-living-room-for-living.jpg\" class=\"bg attachment-original size-original\" alt=\"\" \/>                                    \n                    <\/div>\n\t\t\n        <div class=\"banner-layers container\">\n            <a class=\"fill\" href=\"https:\/\/www.forlivinginterior.ch\/de\/residential-de\/petite-afrique-de\/\"><div class=\"fill banner-link\"><\/div><\/a>            \n\n   <div id=\"text-box-386737446\" class=\"text-box banner-layer x50 md-x50 lg-x50 y100 md-y100 lg-y100 res-text\">\n                                <div class=\"text-box-content text dark\">\n              \n              <div class=\"text-inner text-left\">\n                  \n\n<p><a href=\"https:\/\/www.forlivinginterior.ch\/de\/residential-de\/petite-afrique-de\/\"><span style=\"font-size: 150%;\">PETITE AFRIQUE<\/span> <\/a><a href=\"https:\/\/www.forlivinginterior.ch\/de\/residential-de\/petite-afrique-de\/\"><img loading=\"lazy\" decoding=\"async\" class=\"alignnone\" src=\"https:\/\/www.forlivinginterior.ch\/wp-content\/uploads\/2019\/10\/arrow_right_white.svg\" alt=\"\" width=\"80\" height=\"17\" \/><\/a><\/p>\n<p class=\"uppercase\"><span style=\"font-size: 110%;\">Monaco, Montecarlo &#8211; privates apt.<\/span><\/p>\n\n              <\/div>\n           <\/div>\n                            \n<style>\n#text-box-386737446 .text-box-content {\n  background-color: rgba(31, 28, 25, 0.75);\n  font-size: 140%;\n}\n#text-box-386737446 .text-inner {\n  padding: 10px 10px 10px 10px;\n}\n#text-box-386737446 {\n  width: 90%;\n}\n<\/style>\n    <\/div>\n \n\n        <\/div>\n      <\/div>\n\n            \n<style>\n#banner-2147289256 {\n  padding-top: 250px;\n}\n<\/style>\n  <\/div>\n\n\n\n\t\t<\/div>\n\t\t\t\t\n<style>\n#col-758624682 > .col-inner {\n  margin: 30px 0px 0px 0px;\n}\n<\/style>\n\t<\/div>\n\n\t\n\n\t<div id=\"col-1931360601\" class=\"col medium-4 small-12 large-4\"  >\n\t\t\t\t<div class=\"col-inner\"  >\n\t\t\t\n\t\t\t\n\n\n  <div class=\"banner has-hover bg-color\" id=\"banner-118342652\">\n          <div class=\"banner-inner fill\">\n        <div class=\"banner-bg fill\" >\n            <img loading=\"lazy\" decoding=\"async\" width=\"335\" height=\"250\" src=\"https:\/\/www.forlivinginterior.ch\/wp-content\/uploads\/2019\/10\/bespoke-interior-design-port-gallice-outdoor-for-living.jpg\" class=\"bg attachment-original size-original\" alt=\"\" \/>                                    \n                    <\/div>\n\t\t\n        <div class=\"banner-layers container\">\n            <a class=\"fill\" href=\"https:\/\/www.forlivinginterior.ch\/de\/residential-de\/port-gallice-de\/\"><div class=\"fill banner-link\"><\/div><\/a>            \n\n   <div id=\"text-box-498995875\" class=\"text-box banner-layer x50 md-x50 lg-x50 y100 md-y100 lg-y100 res-text\">\n                                <div class=\"text-box-content text dark\">\n              \n              <div class=\"text-inner text-left\">\n                  \n\n<p><a href=\"https:\/\/www.forlivinginterior.ch\/de\/residential-de\/port-gallice-de\/\"><span style=\"font-size: 150%;\">PORT GALLICE<\/span> <img decoding=\"async\" src=\"https:\/\/www.forlivinginterior.ch\/wp-content\/uploads\/2019\/10\/arrow_right_white.svg\" \/><\/a><\/p>\n<p class=\"uppercase\"><span style=\"font-size: 110%;\">Antibes, Frankreich &#8211; privates apt.<\/span><\/p>\n\n              <\/div>\n           <\/div>\n                            \n<style>\n#text-box-498995875 .text-box-content {\n  background-color: rgba(31, 28, 25, 0.75);\n  font-size: 140%;\n}\n#text-box-498995875 .text-inner {\n  padding: 10px 10px 10px 10px;\n}\n#text-box-498995875 {\n  width: 90%;\n}\n<\/style>\n    <\/div>\n \n\n        <\/div>\n      <\/div>\n\n            \n<style>\n#banner-118342652 {\n  padding-top: 250px;\n}\n<\/style>\n  <\/div>\n\n\n\n\t\t<\/div>\n\t\t\t\t\n<style>\n#col-1931360601 > .col-inner {\n  margin: 30px 0px 0px 0px;\n}\n<\/style>\n\t<\/div>\n\n\t\n\n\t<div id=\"col-376920410\" class=\"col medium-4 small-12 large-4\"  >\n\t\t\t\t<div class=\"col-inner\"  >\n\t\t\t\n\t\t\t\n\n\n  <div class=\"banner has-hover bg-color\" id=\"banner-2051107232\">\n          <div class=\"banner-inner fill\">\n        <div class=\"banner-bg fill\" >\n            <img loading=\"lazy\" decoding=\"async\" width=\"335\" height=\"250\" src=\"https:\/\/www.forlivinginterior.ch\/wp-content\/uploads\/2019\/10\/bespoke-interior-design-saint-michel-living-room-for-living.jpg\" class=\"bg attachment-original size-original\" alt=\"\" \/>                                    \n                    <\/div>\n\t\t\n        <div class=\"banner-layers container\">\n            <a class=\"fill\" href=\"https:\/\/www.forlivinginterior.ch\/de\/residential-de\/saint-michel-de\/\"><div class=\"fill banner-link\"><\/div><\/a>            \n\n   <div id=\"text-box-2079819540\" class=\"text-box banner-layer x50 md-x50 lg-x50 y100 md-y100 lg-y100 res-text\">\n                                <div class=\"text-box-content text dark\">\n              \n              <div class=\"text-inner text-left\">\n                  \n\n<p><a href=\"https:\/\/www.forlivinginterior.ch\/de\/residential-de\/saint-michel-de\/\"><span style=\"font-size: 150%;\">SAINT MICHEL<\/span> <img decoding=\"async\" src=\"https:\/\/www.forlivinginterior.ch\/wp-content\/uploads\/2019\/10\/arrow_right_white.svg\" \/><\/a><\/p>\n<p class=\"uppercase\"><span style=\"font-size: 110%;\">Vallauris, Frankreich &#8211; privates apt.<\/span><\/p>\n\n              <\/div>\n           <\/div>\n                            \n<style>\n#text-box-2079819540 .text-box-content {\n  background-color: rgba(31, 28, 25, 0.75);\n  font-size: 140%;\n}\n#text-box-2079819540 .text-inner {\n  padding: 10px 10px 10px 10px;\n}\n#text-box-2079819540 {\n  width: 90%;\n}\n<\/style>\n    <\/div>\n \n\n        <\/div>\n      <\/div>\n\n            \n<style>\n#banner-2051107232 {\n  padding-top: 250px;\n}\n<\/style>\n  <\/div>\n\n\n\n\t\t<\/div>\n\t\t\t\t\n<style>\n#col-376920410 > .col-inner {\n  margin: 30px 0px 0px 0px;\n}\n<\/style>\n\t<\/div>\n\n\t\n\n\t<div id=\"col-1972836785\" class=\"col medium-4 small-12 large-4\"  >\n\t\t\t\t<div class=\"col-inner\"  >\n\t\t\t\n\t\t\t\n\n\n  <div class=\"banner has-hover bg-color\" id=\"banner-743782060\">\n          <div class=\"banner-inner fill\">\n        <div class=\"banner-bg fill\" >\n            <img loading=\"lazy\" decoding=\"async\" width=\"335\" height=\"250\" src=\"https:\/\/www.forlivinginterior.ch\/wp-content\/uploads\/2019\/10\/bespoke-interior-design-villa-in-cap-dail-for-living.jpg\" class=\"bg attachment-original size-original\" alt=\"\" \/>                                    \n                    <\/div>\n\t\t\n        <div class=\"banner-layers container\">\n            <a class=\"fill\" href=\"https:\/\/www.forlivinginterior.ch\/de\/residential-de\/villa-am-cap-dail\/\"><div class=\"fill banner-link\"><\/div><\/a>            \n\n   <div id=\"text-box-209723475\" class=\"text-box banner-layer x50 md-x50 lg-x50 y100 md-y100 lg-y100 res-text\">\n                                <div class=\"text-box-content text dark\">\n              \n              <div class=\"text-inner text-left\">\n                  \n\n<p><a href=\"https:\/\/www.forlivinginterior.ch\/de\/residential-de\/villa-am-cap-dail\/\"><span style=\"font-size: 150%;\">VILLA AM CAP D&#8217;AIL<\/span> <\/a><a href=\"https:\/\/www.forlivinginterior.ch\/de\/residential-de\/villa-am-cap-dail\/\"><img loading=\"lazy\" decoding=\"async\" class=\"alignnone\" src=\"https:\/\/www.forlivinginterior.ch\/wp-content\/uploads\/2019\/10\/arrow_right_white.svg\" alt=\"\" width=\"80\" height=\"17\" \/><\/a><\/p>\n<p class=\"uppercase\"><span style=\"font-size: 110%;\">Cap d&#8217;Ail, Monaco &#8211; private villa<\/span><\/p>\n\n              <\/div>\n           <\/div>\n                            \n<style>\n#text-box-209723475 .text-box-content {\n  background-color: rgba(31, 28, 25, 0.75);\n  font-size: 140%;\n}\n#text-box-209723475 .text-inner {\n  padding: 10px 10px 10px 10px;\n}\n#text-box-209723475 {\n  width: 90%;\n}\n<\/style>\n    <\/div>\n \n\n        <\/div>\n      <\/div>\n\n            \n<style>\n#banner-743782060 {\n  padding-top: 250px;\n}\n<\/style>\n  <\/div>\n\n\n\n\t\t<\/div>\n\t\t\t\t\n<style>\n#col-1972836785 > .col-inner {\n  margin: 30px 0px 0px 0px;\n}\n<\/style>\n\t<\/div>\n\n\t\n\n\t<div id=\"col-1852688945\" class=\"col medium-4 small-12 large-4\"  >\n\t\t\t\t<div class=\"col-inner\"  >\n\t\t\t\n\t\t\t\n\n\n  <div class=\"banner has-hover bg-color\" id=\"banner-1201252575\">\n          <div class=\"banner-inner fill\">\n        <div class=\"banner-bg fill\" >\n            <img loading=\"lazy\" decoding=\"async\" width=\"335\" height=\"250\" src=\"https:\/\/www.forlivinginterior.ch\/wp-content\/uploads\/2019\/10\/bespoke-interior-design-villa-ermitage-pool-area-for-living.jpg\" class=\"bg attachment-original size-original\" alt=\"\" \/>                                    \n                    <\/div>\n\t\t\n        <div class=\"banner-layers container\">\n            <a class=\"fill\" href=\"https:\/\/www.forlivinginterior.ch\/de\/residential-de\/villa-ermitage-de\/\"><div class=\"fill banner-link\"><\/div><\/a>            \n\n   <div id=\"text-box-1600450228\" class=\"text-box banner-layer x50 md-x50 lg-x50 y100 md-y100 lg-y100 res-text\">\n                                <div class=\"text-box-content text dark\">\n              \n              <div class=\"text-inner text-left\">\n                  \n\n<p><a href=\"https:\/\/www.forlivinginterior.ch\/de\/residential-de\/villa-ermitage-de\/\"><span style=\"font-size: 150%;\">VILLA ERMITAGE<\/span> <img decoding=\"async\" src=\"https:\/\/www.forlivinginterior.ch\/wp-content\/uploads\/2019\/10\/arrow_right_white.svg\" \/><\/a><\/p>\n<p class=\"uppercase\"><span style=\"font-size: 110%;\">Antibes, Frankreich &#8211; private villa<\/span><\/p>\n\n              <\/div>\n           <\/div>\n                            \n<style>\n#text-box-1600450228 .text-box-content {\n  background-color: rgba(31, 28, 25, 0.75);\n  font-size: 140%;\n}\n#text-box-1600450228 .text-inner {\n  padding: 10px 10px 10px 10px;\n}\n#text-box-1600450228 {\n  width: 90%;\n}\n<\/style>\n    <\/div>\n \n\n        <\/div>\n      <\/div>\n\n            \n<style>\n#banner-1201252575 {\n  padding-top: 250px;\n}\n<\/style>\n  <\/div>\n\n\n\n\t\t<\/div>\n\t\t\t\t\n<style>\n#col-1852688945 > .col-inner {\n  margin: 30px 0px 0px 0px;\n}\n<\/style>\n\t<\/div>\n\n\t\n\n\t<div id=\"col-983218916\" class=\"col medium-4 small-12 large-4\"  >\n\t\t\t\t<div class=\"col-inner\"  >\n\t\t\t\n\t\t\t\n\n\n  <div class=\"banner has-hover bg-color\" id=\"banner-729574480\">\n          <div class=\"banner-inner fill\">\n        <div class=\"banner-bg fill\" >\n            <img loading=\"lazy\" decoding=\"async\" width=\"335\" height=\"250\" src=\"https:\/\/www.forlivinginterior.ch\/wp-content\/uploads\/2019\/10\/bespoke-interior-design-villa-lindi-for-living.jpg\" class=\"bg attachment-original size-original\" alt=\"\" \/>                                    \n                    <\/div>\n\t\t\n        <div class=\"banner-layers container\">\n            <a class=\"fill\" href=\"https:\/\/www.forlivinginterior.ch\/de\/residential-de\/villa-lindi-de\/\"><div class=\"fill banner-link\"><\/div><\/a>            \n\n   <div id=\"text-box-814621210\" class=\"text-box banner-layer x50 md-x50 lg-x50 y100 md-y100 lg-y100 res-text\">\n                                <div class=\"text-box-content text dark\">\n              \n              <div class=\"text-inner text-left\">\n                  \n\n<p><a href=\"https:\/\/www.forlivinginterior.ch\/de\/residential-de\/villa-lindi-de\/\"><span style=\"font-size: 150%;\">VILLA LINDI<\/span> <img decoding=\"async\" src=\"https:\/\/www.forlivinginterior.ch\/wp-content\/uploads\/2019\/10\/arrow_right_white.svg\" \/><\/a><\/p>\n<p class=\"uppercase\"><span style=\"font-size: 110%;\">Cannes, Frankreich &#8211; private villa<\/span><\/p>\n\n              <\/div>\n           <\/div>\n                            \n<style>\n#text-box-814621210 .text-box-content {\n  background-color: rgba(31, 28, 25, 0.75);\n  font-size: 140%;\n}\n#text-box-814621210 .text-inner {\n  padding: 10px 10px 10px 10px;\n}\n#text-box-814621210 {\n  width: 90%;\n}\n<\/style>\n    <\/div>\n \n\n        <\/div>\n      <\/div>\n\n            \n<style>\n#banner-729574480 {\n  padding-top: 250px;\n}\n<\/style>\n  <\/div>\n\n\n\n\t\t<\/div>\n\t\t\t\t\n<style>\n#col-983218916 > .col-inner {\n  margin: 30px 0px 0px 0px;\n}\n<\/style>\n\t<\/div>\n\n\t\n\n\t<div id=\"col-751255905\" class=\"col medium-4 small-12 large-4\"  >\n\t\t\t\t<div class=\"col-inner\"  >\n\t\t\t\n\t\t\t\n\n\n  <div class=\"banner has-hover bg-color\" id=\"banner-1552294865\">\n          <div class=\"banner-inner fill\">\n        <div class=\"banner-bg fill\" >\n            <img loading=\"lazy\" decoding=\"async\" width=\"335\" height=\"250\" src=\"https:\/\/www.forlivinginterior.ch\/wp-content\/uploads\/2019\/10\/bespoke-interior-design-villa-magnum-for-living.jpg\" class=\"bg attachment-original size-original\" alt=\"\" \/>                                    \n                    <\/div>\n\t\t\n        <div class=\"banner-layers container\">\n            <a class=\"fill\" href=\"https:\/\/www.forlivinginterior.ch\/de\/residential-de\/villa-magnum-de\/\"><div class=\"fill banner-link\"><\/div><\/a>            \n\n   <div id=\"text-box-907948732\" class=\"text-box banner-layer x50 md-x50 lg-x50 y100 md-y100 lg-y100 res-text\">\n                                <div class=\"text-box-content text dark\">\n              \n              <div class=\"text-inner text-left\">\n                  \n\n<p><a href=\"https:\/\/www.forlivinginterior.ch\/de\/residential-de\/villa-magnum-de\/\"><span style=\"font-size: 150%;\">VILLA MAGNUM<\/span> <img decoding=\"async\" src=\"https:\/\/www.forlivinginterior.ch\/wp-content\/uploads\/2019\/10\/arrow_right_white.svg\" \/><\/a><\/p>\n<p class=\"uppercase\"><span style=\"font-size: 110%;\">Antibes, Frankreich &#8211; private villa<\/span><\/p>\n\n              <\/div>\n           <\/div>\n                            \n<style>\n#text-box-907948732 .text-box-content {\n  background-color: rgba(31, 28, 25, 0.75);\n  font-size: 140%;\n}\n#text-box-907948732 .text-inner {\n  padding: 10px 10px 10px 10px;\n}\n#text-box-907948732 {\n  width: 90%;\n}\n<\/style>\n    <\/div>\n \n\n        <\/div>\n      <\/div>\n\n            \n<style>\n#banner-1552294865 {\n  padding-top: 250px;\n}\n<\/style>\n  <\/div>\n\n\n\n\t\t<\/div>\n\t\t\t\t\n<style>\n#col-751255905 > .col-inner {\n  margin: 30px 0px 0px 0px;\n}\n<\/style>\n\t<\/div>\n\n\t\n\n\t<div id=\"col-2018596321\" class=\"col medium-4 small-12 large-4\"  >\n\t\t\t\t<div class=\"col-inner\"  >\n\t\t\t\n\t\t\t\n\n\n  <div class=\"banner has-hover bg-color\" id=\"banner-2088145861\">\n          <div class=\"banner-inner fill\">\n        <div class=\"banner-bg fill\" >\n            <img loading=\"lazy\" decoding=\"async\" width=\"335\" height=\"250\" src=\"https:\/\/www.forlivinginterior.ch\/wp-content\/uploads\/2019\/10\/bespoke-interior-design-villa-vogue-for-living.jpg\" class=\"bg attachment-original size-original\" alt=\"\" \/>                                    \n                    <\/div>\n\t\t\n        <div class=\"banner-layers container\">\n            <a class=\"fill\" href=\"https:\/\/www.forlivinginterior.ch\/de\/residential-de\/villa-vogue-de\/\"><div class=\"fill banner-link\"><\/div><\/a>            \n\n   <div id=\"text-box-1524767132\" class=\"text-box banner-layer x50 md-x50 lg-x50 y100 md-y100 lg-y100 res-text\">\n                                <div class=\"text-box-content text dark\">\n              \n              <div class=\"text-inner text-left\">\n                  \n\n<p><a href=\"https:\/\/www.forlivinginterior.ch\/de\/residential-de\/villa-vogue-de\/\"><span style=\"font-size: 150%;\">VILLA VOGUE<\/span> <img decoding=\"async\" src=\"https:\/\/www.forlivinginterior.ch\/wp-content\/uploads\/2019\/10\/arrow_right_white.svg\" \/><\/a><\/p>\n<p class=\"uppercase\"><span style=\"font-size: 110%;\">Antibes, Frankreich &#8211; private villa<\/span><\/p>\n\n              <\/div>\n           <\/div>\n                            \n<style>\n#text-box-1524767132 .text-box-content {\n  background-color: rgba(31, 28, 25, 0.75);\n  font-size: 140%;\n}\n#text-box-1524767132 .text-inner {\n  padding: 10px 10px 10px 10px;\n}\n#text-box-1524767132 {\n  width: 90%;\n}\n<\/style>\n    <\/div>\n \n\n        <\/div>\n      <\/div>\n\n            \n<style>\n#banner-2088145861 {\n  padding-top: 250px;\n}\n<\/style>\n  <\/div>\n\n\n\n\t\t<\/div>\n\t\t\t\t\n<style>\n#col-2018596321 > .col-inner {\n  margin: 30px 0px 0px 0px;\n}\n<\/style>\n\t<\/div>\n\n\t\n\n\t<div id=\"col-1708351661\" class=\"col medium-4 small-12 large-4\"  >\n\t\t\t\t<div class=\"col-inner\"  >\n\t\t\t\n\t\t\t\n\n\n  <div class=\"banner has-hover bg-color\" id=\"banner-1246090189\">\n          <div class=\"banner-inner fill\">\n        <div class=\"banner-bg fill\" >\n            <img loading=\"lazy\" decoding=\"async\" width=\"335\" height=\"250\" src=\"https:\/\/www.forlivinginterior.ch\/wp-content\/uploads\/2019\/10\/bespoke-interior-design-villa-provenza-for-living.jpg\" class=\"bg attachment-original size-original\" alt=\"\" \/>                                    \n                    <\/div>\n\t\t\n        <div class=\"banner-layers container\">\n            <a class=\"fill\" href=\"https:\/\/www.forlivinginterior.ch\/de\/residential-de\/villa-in-der-provence\/\"><div class=\"fill banner-link\"><\/div><\/a>            \n\n   <div id=\"text-box-487393904\" class=\"text-box banner-layer x50 md-x50 lg-x50 y100 md-y100 lg-y100 res-text\">\n                                <div class=\"text-box-content text dark\">\n              \n              <div class=\"text-inner text-left\">\n                  \n\n<p><a href=\"https:\/\/www.forlivinginterior.ch\/de\/residential-de\/villa-in-der-provence\/\"><span style=\"font-size: 150%;\">VILLA IN DER PROVENCE<\/span> <img decoding=\"async\" src=\"https:\/\/www.forlivinginterior.ch\/wp-content\/uploads\/2019\/10\/arrow_right_white.svg\" \/><\/a><\/p>\n<p class=\"uppercase\"><span style=\"font-size: 110%;\">Mandelieu, Frankreich &#8211; private villa<\/span><\/p>\n\n              <\/div>\n           <\/div>\n                            \n<style>\n#text-box-487393904 .text-box-content {\n  background-color: rgba(31, 28, 25, 0.75);\n  font-size: 140%;\n}\n#text-box-487393904 .text-inner {\n  padding: 10px 10px 10px 10px;\n}\n#text-box-487393904 {\n  width: 90%;\n}\n<\/style>\n    <\/div>\n \n\n        <\/div>\n      <\/div>\n\n            \n<style>\n#banner-1246090189 {\n  padding-top: 250px;\n}\n<\/style>\n  <\/div>\n\n\n\n\t\t<\/div>\n\t\t\t\t\n<style>\n#col-1708351661 > .col-inner {\n  margin: 30px 0px 0px 0px;\n}\n<\/style>\n\t<\/div>\n\n\t\n\n\t<div id=\"col-209496904\" class=\"col medium-4 small-12 large-4\"  >\n\t\t\t\t<div class=\"col-inner\"  >\n\t\t\t\n\t\t\t\n\n\n  <div class=\"banner has-hover bg-color\" id=\"banner-530082795\">\n          <div class=\"banner-inner fill\">\n        <div class=\"banner-bg fill\" >\n            <img loading=\"lazy\" decoding=\"async\" width=\"335\" height=\"250\" src=\"https:\/\/www.forlivinginterior.ch\/wp-content\/uploads\/2019\/10\/bespoke-interior-design-villa-mosca-exterior-for-living.jpg\" class=\"bg attachment-original size-original\" alt=\"\" \/>                                    \n                    <\/div>\n\t\t\n        <div class=\"banner-layers container\">\n            <a class=\"fill\" href=\"https:\/\/www.forlivinginterior.ch\/de\/residential-de\/villa-in-moskau\/\"><div class=\"fill banner-link\"><\/div><\/a>            \n\n   <div id=\"text-box-1465932537\" class=\"text-box banner-layer x50 md-x50 lg-x50 y100 md-y100 lg-y100 res-text\">\n                                <div class=\"text-box-content text dark\">\n              \n              <div class=\"text-inner text-left\">\n                  \n\n<p><a href=\"https:\/\/www.forlivinginterior.ch\/de\/residential-de\/villa-in-moskau\/\"><span style=\"font-size: 150%;\">VILLA IN MOSKAU<\/span> <img decoding=\"async\" src=\"https:\/\/www.forlivinginterior.ch\/wp-content\/uploads\/2019\/10\/arrow_right_white.svg\" \/><\/a><\/p>\n<p class=\"uppercase\"><span style=\"font-size: 110%;\">Moskau, Russia &#8211; private dacia<\/span><\/p>\n\n              <\/div>\n           <\/div>\n                            \n<style>\n#text-box-1465932537 .text-box-content {\n  background-color: rgba(31, 28, 25, 0.75);\n  font-size: 140%;\n}\n#text-box-1465932537 .text-inner {\n  padding: 10px 10px 10px 10px;\n}\n#text-box-1465932537 {\n  width: 90%;\n}\n<\/style>\n    <\/div>\n \n\n        <\/div>\n      <\/div>\n\n            \n<style>\n#banner-530082795 {\n  padding-top: 250px;\n}\n<\/style>\n  <\/div>\n\n\n\n\t\t<\/div>\n\t\t\t\t\n<style>\n#col-209496904 > .col-inner {\n  margin: 30px 0px 0px 0px;\n}\n<\/style>\n\t<\/div>\n\n\t\n\n\t<div id=\"col-1514520818\" class=\"col medium-4 small-12 large-4\"  >\n\t\t\t\t<div class=\"col-inner\"  >\n\t\t\t\n\t\t\t\n\n\n  <div class=\"banner has-hover bg-color\" id=\"banner-6686449\">\n          <div class=\"banner-inner fill\">\n        <div class=\"banner-bg fill\" >\n            <img loading=\"lazy\" decoding=\"async\" width=\"335\" height=\"250\" src=\"https:\/\/www.forlivinginterior.ch\/wp-content\/uploads\/2019\/10\/bespoke-interior-design-villa-campagna-for-living.jpg\" class=\"bg attachment-original size-original\" alt=\"\" \/>                                    \n                    <\/div>\n\t\t\n        <div class=\"banner-layers container\">\n            <a class=\"fill\" href=\"https:\/\/www.forlivinginterior.ch\/de\/residential-de\/villa-in-umbrien\/\"><div class=\"fill banner-link\"><\/div><\/a>            \n\n   <div id=\"text-box-1822323099\" class=\"text-box banner-layer x50 md-x50 lg-x50 y100 md-y100 lg-y100 res-text\">\n                                <div class=\"text-box-content text dark\">\n              \n              <div class=\"text-inner text-left\">\n                  \n\n<p><a href=\"https:\/\/www.forlivinginterior.ch\/de\/residential-de\/villa-in-umbrien\/\"><span style=\"font-size: 150%;\">VILLA IN UMBRIEN<\/span> <\/a><a href=\"https:\/\/www.forlivinginterior.ch\/de\/residential-de\/villa-in-umbrien\/\"><img loading=\"lazy\" decoding=\"async\" class=\"alignnone\" src=\"https:\/\/www.forlivinginterior.ch\/wp-content\/uploads\/2019\/10\/arrow_right_white.svg\" alt=\"\" width=\"80\" height=\"17\" \/><\/a><\/p>\n<p class=\"uppercase\"><span style=\"font-size: 110%;\">Perugia, Italien &#8211; private villa<\/span><\/p>\n\n              <\/div>\n           <\/div>\n                            \n<style>\n#text-box-1822323099 .text-box-content {\n  background-color: rgba(31, 28, 25, 0.75);\n  font-size: 140%;\n}\n#text-box-1822323099 .text-inner {\n  padding: 10px 10px 10px 10px;\n}\n#text-box-1822323099 {\n  width: 90%;\n}\n<\/style>\n    <\/div>\n \n\n        <\/div>\n      <\/div>\n\n            \n<style>\n#banner-6686449 {\n  padding-top: 250px;\n}\n<\/style>\n  <\/div>\n\n\n\n\t\t<\/div>\n\t\t\t\t\n<style>\n#col-1514520818 > .col-inner {\n  margin: 30px 0px 0px 0px;\n}\n<\/style>\n\t<\/div>\n\n\t\n\n\t<div id=\"col-2119088106\" class=\"col medium-4 small-12 large-4\"  >\n\t\t\t\t<div class=\"col-inner\"  >\n\t\t\t\n\t\t\t\n\n\n  <div class=\"banner has-hover bg-color\" id=\"banner-357023595\">\n          <div class=\"banner-inner fill\">\n        <div class=\"banner-bg fill\" >\n            <img loading=\"lazy\" decoding=\"async\" width=\"335\" height=\"250\" src=\"https:\/\/www.forlivinginterior.ch\/wp-content\/uploads\/2019\/10\/bespoke-interior-design-villa-valbonne-for-living.jpg\" class=\"bg attachment-original size-original\" alt=\"\" \/>                                    \n                    <\/div>\n\t\t\n        <div class=\"banner-layers container\">\n            <a class=\"fill\" href=\"https:\/\/www.forlivinginterior.ch\/de\/residential-de\/villa-in-valbonne\/\"><div class=\"fill banner-link\"><\/div><\/a>            \n\n   <div id=\"text-box-1518611215\" class=\"text-box banner-layer x50 md-x50 lg-x50 y100 md-y100 lg-y100 res-text\">\n                                <div class=\"text-box-content text dark\">\n              \n              <div class=\"text-inner text-left\">\n                  \n\n<p><a href=\"https:\/\/www.forlivinginterior.ch\/de\/residential-de\/villa-in-valbonne\/\"><span style=\"font-size: 150%;\">VILLA IN VALBONNE<\/span> <\/a><a href=\"https:\/\/www.forlivinginterior.ch\/de\/residential-de\/villa-in-valbonne\/\"><img loading=\"lazy\" decoding=\"async\" class=\"alignnone\" src=\"https:\/\/www.forlivinginterior.ch\/wp-content\/uploads\/2019\/10\/arrow_right_white.svg\" alt=\"\" width=\"80\" height=\"17\" \/><\/a><\/p>\n<p class=\"uppercase\"><span style=\"font-size: 110%;\">Valbonne, Frankreich &#8211; private villa<\/span><\/p>\n\n              <\/div>\n           <\/div>\n                            \n<style>\n#text-box-1518611215 .text-box-content {\n  background-color: rgba(31, 28, 25, 0.75);\n  font-size: 140%;\n}\n#text-box-1518611215 .text-inner {\n  padding: 10px 10px 10px 10px;\n}\n#text-box-1518611215 {\n  width: 90%;\n}\n<\/style>\n    <\/div>\n \n\n        <\/div>\n      <\/div>\n\n            \n<style>\n#banner-357023595 {\n  padding-top: 250px;\n}\n<\/style>\n  <\/div>\n\n\n\n\t\t<\/div>\n\t\t\t\t\n<style>\n#col-2119088106 > .col-inner {\n  margin: 30px 0px 0px 0px;\n}\n<\/style>\n\t<\/div>\n\n\t\n\n\t<div id=\"col-1389109426\" class=\"col medium-4 small-12 large-4\"  >\n\t\t\t\t<div class=\"col-inner\"  >\n\t\t\t\n\t\t\t\n\n\n  <div class=\"banner has-hover bg-color\" id=\"banner-242471671\">\n          <div class=\"banner-inner fill\">\n        <div class=\"banner-bg fill\" >\n            <img loading=\"lazy\" decoding=\"async\" width=\"335\" height=\"250\" src=\"https:\/\/www.forlivinginterior.ch\/wp-content\/uploads\/2019\/10\/bespoke-interior-design-villa-vallauris-for-living.jpg\" class=\"bg attachment-original size-original\" alt=\"\" \/>                                    \n                    <\/div>\n\t\t\n        <div class=\"banner-layers container\">\n            <a class=\"fill\" href=\"https:\/\/www.forlivinginterior.ch\/de\/residential-de\/villa-in-vallauris\/\"><div class=\"fill banner-link\"><\/div><\/a>            \n\n   <div id=\"text-box-1153365849\" class=\"text-box banner-layer x50 md-x50 lg-x50 y100 md-y100 lg-y100 res-text\">\n                                <div class=\"text-box-content text dark\">\n              \n              <div class=\"text-inner text-left\">\n                  \n\n<p><a href=\"https:\/\/www.forlivinginterior.ch\/de\/residential-de\/villa-in-vallauris\/\"><span style=\"font-size: 150%;\">VILLA IN VALLAURIS<\/span> <\/a><a href=\"https:\/\/www.forlivinginterior.ch\/de\/residential-de\/villa-in-vallauris\/\"><img loading=\"lazy\" decoding=\"async\" class=\"alignnone\" src=\"https:\/\/www.forlivinginterior.ch\/wp-content\/uploads\/2019\/10\/arrow_right_white.svg\" alt=\"\" width=\"80\" height=\"17\" \/><\/a><\/p>\n<p class=\"uppercase\"><span style=\"font-size: 110%;\">Vallauris, Frankreich &#8211; private villa<\/span><\/p>\n\n              <\/div>\n           <\/div>\n                            \n<style>\n#text-box-1153365849 .text-box-content {\n  background-color: rgba(31, 28, 25, 0.75);\n  font-size: 140%;\n}\n#text-box-1153365849 .text-inner {\n  padding: 10px 10px 10px 10px;\n}\n#text-box-1153365849 {\n  width: 90%;\n}\n<\/style>\n    <\/div>\n \n\n        <\/div>\n      <\/div>\n\n            \n<style>\n#banner-242471671 {\n  padding-top: 250px;\n}\n<\/style>\n  <\/div>\n\n\n\n\t\t<\/div>\n\t\t\t\t\n<style>\n#col-1389109426 > .col-inner {\n  margin: 30px 0px 0px 0px;\n}\n<\/style>\n\t<\/div>\n\n\t\n\n\t<div id=\"col-650490960\" class=\"col hide-for-small medium-4 small-12 large-4\"  >\n\t\t\t\t<div class=\"col-inner\"  >\n\t\t\t\n\t\t\t\n\n\n\t\t<\/div>\n\t\t\t\t\n<style>\n#col-650490960 > .col-inner {\n  margin: 30px 0px 0px 0px;\n}\n<\/style>\n\t<\/div>\n\n\t\n\n<\/div>\n\n\t\t<\/div>\n\n\t\t\n<style>\n#section_1183961624 {\n  padding-top: 30px;\n  padding-bottom: 30px;\n  background-color: rgb(232, 230, 227);\n}\n<\/style>\n\t<\/section>\n\t\n\n  <div class=\"banner has-hover hide-for-small\" id=\"banner-771474532\">\n          <div class=\"banner-inner fill\">\n        <div class=\"banner-bg fill\" >\n                                                \n                    <\/div>\n\t\t\n        <div class=\"banner-layers container\">\n            <div class=\"fill banner-link\"><\/div>            \n\n   <div id=\"text-box-1605079476\" class=\"text-box banner-layer primo-piano x0 md-x0 lg-x0 y100 md-y100 lg-y100 res-text\">\n                                <div class=\"text-box-content text dark\">\n              \n              <div class=\"text-inner text-center\">\n                  \n\n\t<div class=\"img has-hover x md-x lg-x y md-y lg-y\" id=\"image_1535481172\">\n\t\t\t\t\t\t\t\t<div class=\"img-inner dark\" >\n\t\t\t<img loading=\"lazy\" decoding=\"async\" width=\"540\" height=\"800\" src=\"https:\/\/www.forlivinginterior.ch\/wp-content\/uploads\/2019\/10\/made-in-italy-dettaglio-lavorazione-legno.jpg\" class=\"attachment-original size-original\" alt=\"made in italy dettaglio lavorazione legno\" srcset=\"https:\/\/www.forlivinginterior.ch\/wp-content\/uploads\/2019\/10\/made-in-italy-dettaglio-lavorazione-legno.jpg 540w, https:\/\/www.forlivinginterior.ch\/wp-content\/uploads\/2019\/10\/made-in-italy-dettaglio-lavorazione-legno-203x300.jpg 203w\" sizes=\"auto, (max-width: 540px) 100vw, 540px\" \/>\t\t\t\t\t\t\n\t\t\t\t\t<\/div>\n\t\t\t\t\t\t\t\t\n<style>\n#image_1535481172 {\n  width: 80%;\n}\n<\/style>\n\t<\/div>\n\t\n\n\n              <\/div>\n           <\/div>\n                            \n<style>\n#text-box-1605079476 {\n  margin: 0px 0px -130px 0px;\n  width: 50%;\n}\n#text-box-1605079476 .text-box-content {\n  font-size: 100%;\n}\n<\/style>\n    <\/div>\n \n   <div id=\"text-box-949352854\" class=\"text-box banner-layer x100 md-x100 lg-x100 y100 md-y100 lg-y100 res-text\">\n                                <div class=\"text-box-content text \">\n              \n              <div class=\"text-inner text-left\">\n                  \n\n<h1>MADE IN ITALY<\/h1>\n\t<div class=\"img has-hover x md-x lg-x y md-y lg-y\" id=\"image_211403472\">\n\t\t\t\t\t\t\t\t<div class=\"img-inner dark\" >\n\t\t\t<img loading=\"lazy\" decoding=\"async\" width=\"1\" height=\"1\" src=\"https:\/\/www.forlivinginterior.ch\/wp-content\/uploads\/2019\/10\/italy.svg\" class=\"attachment-original size-original\" alt=\"italy\" \/>\t\t\t\t\t\t\n\t\t\t\t\t<\/div>\n\t\t\t\t\t\t\t\t\n<style>\n#image_211403472 {\n  width: 10%;\n}\n<\/style>\n\t<\/div>\n\t\n\n\t<div id=\"gap-1941058493\" class=\"gap-element clearfix\" style=\"display:block; height:auto;\">\n\t\t\n<style>\n#gap-1941058493 {\n  padding-top: 20px;\n}\n<\/style>\n\t<\/div>\n\t\n\n<p>\u201eMade in Italy\u201c ist unser gr\u00f6\u00dfter Wert.<\/p>\n<p>Die gesamte Fertigung erfolgt in Italien, dank der weitreichenden Erfahrung, der besten Handwerker, kann jedes Detail individuell angepasst werden.<\/p>\n\n\t<div id=\"gap-1588638376\" class=\"gap-element clearfix\" style=\"display:block; height:auto;\">\n\t\t\n<style>\n#gap-1588638376 {\n  padding-top: 10px;\n}\n<\/style>\n\t<\/div>\n\t\n\n<p><a href=\"https:\/\/www.forlivinginterior.ch\/de\/wer-wir-sind\/\">\u00dcBER UNS <img decoding=\"async\" src=\"https:\/\/www.forlivinginterior.ch\/wp-content\/uploads\/2019\/10\/arrow_right.svg\" \/><\/a><\/p>\n\t<div id=\"gap-1293808603\" class=\"gap-element clearfix\" style=\"display:block; height:auto;\">\n\t\t\n<style>\n#gap-1293808603 {\n  padding-top: 40px;\n}\n<\/style>\n\t<\/div>\n\t\n\n\n              <\/div>\n           <\/div>\n                            \n<style>\n#text-box-949352854 {\n  width: 49%;\n}\n#text-box-949352854 .text-box-content {\n  font-size: 100%;\n}\n@media (min-width:850px) {\n  #text-box-949352854 {\n    width: 50%;\n  }\n}\n<\/style>\n    <\/div>\n \n\n        <\/div>\n      <\/div>\n\n            \n<style>\n#banner-771474532 {\n  padding-top: 500px;\n  background-color: rgb(232, 230, 227);\n}\n<\/style>\n  <\/div>\n\n\n\n\t<section class=\"section hide-for-small\" id=\"section_62414751\">\n\t\t<div class=\"section-bg fill\" >\n\t\t\t\t\t\t\t\t\t\n\t\t\t\n\n\t\t<\/div>\n\n\t\t\n\n\t\t<div class=\"section-content relative\">\n\t\t\t\n\n<div class=\"row\"  id=\"row-1409426028\">\n\n\n\t<div id=\"col-1124963876\" class=\"col small-12 large-12\"  >\n\t\t\t\t<div class=\"col-inner\"  >\n\t\t\t\n\t\t\t\n\n<div class=\"row\"  id=\"row-1787905173\">\n\n\n\t<div id=\"col-1099106594\" class=\"col medium-3 small-6 large-3\"  >\n\t\t\t\t<div class=\"col-inner\"  >\n\t\t\t\n\t\t\t\n\n\n\t\t<\/div>\n\t\t\t\t\t<\/div>\n\n\t\n\n\t<div id=\"col-944879082\" class=\"col medium-3 small-6 large-3\"  >\n\t\t\t\t<div class=\"col-inner\"  >\n\t\t\t\n\t\t\t\n\n\n\t\t<\/div>\n\t\t\t\t\t<\/div>\n\n\t\n\n\t<div id=\"col-1297362725\" class=\"col medium-5 small-6 large-5\"  >\n\t\t\t\t<div class=\"col-inner\"  >\n\t\t\t\n\t\t\t\n\n<p>Die erstklassige Qualit\u00e4t der Materialien verbunden  mit der Exzellenz in der Herstellung entwickeln sich zu einem einzigartigen und exklusiven Produkt.<\/p>\n\n\t\t<\/div>\n\t\t\t\t\t<\/div>\n\n\t\n\n\t<div id=\"col-187484199\" class=\"col medium-1 small-6 large-1\"  >\n\t\t\t\t<div class=\"col-inner\"  >\n\t\t\t\n\t\t\t\n\n\n\t\t<\/div>\n\t\t\t\t\t<\/div>\n\n\t\n\n<\/div>\n\n\t\t<\/div>\n\t\t\t\t\t<\/div>\n\n\t\n\n<\/div>\n\n\t\t<\/div>\n\n\t\t\n<style>\n#section_62414751 {\n  padding-top: 60px;\n  padding-bottom: 60px;\n  background-color: rgb(255, 255, 255);\n}\n@media (min-width:850px) {\n  #section_62414751 {\n    padding-top: 200px;\n    padding-bottom: 200px;\n  }\n}\n<\/style>\n\t<\/section>\n\t\n\n\t<section class=\"section show-for-small\" id=\"section_169235694\">\n\t\t<div class=\"section-bg fill\" >\n\t\t\t\t\t\t\t\t\t\n\t\t\t\n\n\t\t<\/div>\n\n\t\t\n\n\t\t<div class=\"section-content relative\">\n\t\t\t\n\n\n  <div class=\"banner has-hover\" id=\"banner-526925294\">\n          <div class=\"banner-inner fill\">\n        <div class=\"banner-bg fill\" >\n            <img loading=\"lazy\" decoding=\"async\" width=\"540\" height=\"800\" src=\"https:\/\/www.forlivinginterior.ch\/wp-content\/uploads\/2019\/10\/made-in-italy-dettaglio-lavorazione-legno.jpg\" class=\"bg attachment-original size-original\" alt=\"made in italy dettaglio lavorazione legno\" \/>                                    \n                    <\/div>\n\t\t\n        <div class=\"banner-layers container\">\n            <div class=\"fill banner-link\"><\/div>            \n\n\n        <\/div>\n      <\/div>\n\n            \n<style>\n#banner-526925294 {\n  padding-top: 300px;\n}\n@media (min-width:550px) {\n  #banner-526925294 {\n    padding-top: 500px;\n  }\n}\n<\/style>\n  <\/div>\n\n\n<div class=\"row\"  id=\"row-1590798842\">\n\n\n\t<div id=\"col-1067351244\" class=\"col small-12 large-12\"  >\n\t\t\t\t<div class=\"col-inner\"  >\n\t\t\t\n\t\t\t\n\n\t<div class=\"img has-hover x md-x lg-x y md-y lg-y\" id=\"image_1412386406\">\n\t\t\t\t\t\t\t\t<div class=\"img-inner dark\" >\n\t\t\t<img loading=\"lazy\" decoding=\"async\" width=\"1\" height=\"1\" src=\"https:\/\/www.forlivinginterior.ch\/wp-content\/uploads\/2019\/10\/italy.svg\" class=\"attachment-original size-original\" alt=\"italy\" \/>\t\t\t\t\t\t\n\t\t\t\t\t<\/div>\n\t\t\t\t\t\t\t\t\n<style>\n#image_1412386406 {\n  width: 10%;\n}\n<\/style>\n\t<\/div>\n\t\n\n<p>\u201eMade in Italy\u201c ist unser gr\u00f6\u00dfter Wert.<\/p>\n<p>Die gesamte Fertigung erfolgt in Italien, dank der weitreichenden Erfahrung, der Sorgfalt und dem Know How der besten Handwerker, kann jedes Detail individuell angepasst werden.<\/p>\n<p><a href=\"https:\/\/www.forlivinginterior.ch\/de\/wer-wir-sind\/\">\u00dcBER UNS <img decoding=\"async\" src=\"https:\/\/www.forlivinginterior.ch\/wp-content\/uploads\/2019\/10\/arrow_right.svg\" \/><\/a><\/p>\n\n\n\t\t<\/div>\n\t\t\t\t\t<\/div>\n\n\t\n\n<\/div>\n\n\t\t<\/div>\n\n\t\t\n<style>\n#section_169235694 {\n  padding-top: 0px;\n  padding-bottom: 0px;\n  background-color: rgb(232, 230, 227);\n}\n@media (min-width:550px) {\n  #section_169235694 {\n    padding-top: 30px;\n    padding-bottom: 30px;\n  }\n}\n<\/style>\n\t<\/section>\n\t\n\n\n","protected":false},"excerpt":{"rendered":"","protected":false},"author":2,"featured_media":0,"parent":0,"menu_order":0,"comment_status":"closed","ping_status":"closed","template":"page-transparent-header-light.php","meta":{"inline_featured_image":false,"footnotes":""},"class_list":["post-11234","page","type-page","status-publish","hentry"],"yoast_head":"<!-- This site is optimized with the Yoast SEO plugin v27.5 - https:\/\/yoast.com\/product\/yoast-seo-wordpress\/ -->\n<title>Residential - For Living<\/title>\n<meta name=\"robots\" content=\"index, follow, max-snippet:-1, max-image-preview:large, max-video-preview:-1\" \/>\n<link rel=\"canonical\" href=\"https:\/\/www.forlivinginterior.ch\/de\/residential-de\/\" \/>\n<meta property=\"og:locale\" content=\"de_DE\" \/>\n<meta property=\"og:type\" content=\"article\" \/>\n<meta property=\"og:title\" content=\"Residential - For Living\" \/>\n<meta property=\"og:url\" content=\"https:\/\/www.forlivinginterior.ch\/de\/residential-de\/\" \/>\n<meta property=\"og:site_name\" content=\"For Living\" \/>\n<meta property=\"article:modified_time\" content=\"2022-11-08T08:55:38+00:00\" \/>\n<meta property=\"og:image\" content=\"https:\/\/www.forlivinginterior.ch\/wp-content\/uploads\/2019\/10\/arrow_right_white.svg\" \/>\n<meta name=\"twitter:card\" content=\"summary_large_image\" \/>\n<meta name=\"twitter:label1\" content=\"Gesch\u00e4tzte Lesezeit\" \/>\n\t<meta name=\"twitter:data1\" content=\"10\u00a0Minuten\" \/>\n<script type=\"application\/ld+json\" class=\"yoast-schema-graph\">{\"@context\":\"https:\\\/\\\/schema.org\",\"@graph\":[{\"@type\":\"WebPage\",\"@id\":\"https:\\\/\\\/www.forlivinginterior.ch\\\/de\\\/residential-de\\\/\",\"url\":\"https:\\\/\\\/www.forlivinginterior.ch\\\/de\\\/residential-de\\\/\",\"name\":\"Residential - For Living\",\"isPartOf\":{\"@id\":\"https:\\\/\\\/www.forlivinginterior.ch\\\/#website\"},\"primaryImageOfPage\":{\"@id\":\"https:\\\/\\\/www.forlivinginterior.ch\\\/de\\\/residential-de\\\/#primaryimage\"},\"image\":{\"@id\":\"https:\\\/\\\/www.forlivinginterior.ch\\\/de\\\/residential-de\\\/#primaryimage\"},\"thumbnailUrl\":\"https:\\\/\\\/www.forlivinginterior.ch\\\/wp-content\\\/uploads\\\/2019\\\/10\\\/arrow_right_white.svg\",\"datePublished\":\"2022-08-07T08:39:59+00:00\",\"dateModified\":\"2022-11-08T08:55:38+00:00\",\"breadcrumb\":{\"@id\":\"https:\\\/\\\/www.forlivinginterior.ch\\\/de\\\/residential-de\\\/#breadcrumb\"},\"inLanguage\":\"de\",\"potentialAction\":[{\"@type\":\"ReadAction\",\"target\":[\"https:\\\/\\\/www.forlivinginterior.ch\\\/de\\\/residential-de\\\/\"]}]},{\"@type\":\"ImageObject\",\"inLanguage\":\"de\",\"@id\":\"https:\\\/\\\/www.forlivinginterior.ch\\\/de\\\/residential-de\\\/#primaryimage\",\"url\":\"https:\\\/\\\/www.forlivinginterior.ch\\\/wp-content\\\/uploads\\\/2019\\\/10\\\/arrow_right_white.svg\",\"contentUrl\":\"https:\\\/\\\/www.forlivinginterior.ch\\\/wp-content\\\/uploads\\\/2019\\\/10\\\/arrow_right_white.svg\"},{\"@type\":\"BreadcrumbList\",\"@id\":\"https:\\\/\\\/www.forlivinginterior.ch\\\/de\\\/residential-de\\\/#breadcrumb\",\"itemListElement\":[{\"@type\":\"ListItem\",\"position\":1,\"name\":\"Home\",\"item\":\"https:\\\/\\\/www.forlivinginterior.ch\\\/de\\\/\"},{\"@type\":\"ListItem\",\"position\":2,\"name\":\"Residential\"}]},{\"@type\":\"WebSite\",\"@id\":\"https:\\\/\\\/www.forlivinginterior.ch\\\/#website\",\"url\":\"https:\\\/\\\/www.forlivinginterior.ch\\\/\",\"name\":\"For Living\",\"description\":\"Bespoke made in Italy interiors.\",\"potentialAction\":[{\"@type\":\"SearchAction\",\"target\":{\"@type\":\"EntryPoint\",\"urlTemplate\":\"https:\\\/\\\/www.forlivinginterior.ch\\\/?s={search_term_string}\"},\"query-input\":{\"@type\":\"PropertyValueSpecification\",\"valueRequired\":true,\"valueName\":\"search_term_string\"}}],\"inLanguage\":\"de\"}]}<\/script>\n<!-- \/ Yoast SEO plugin. -->","yoast_head_json":{"title":"Residential - For Living","robots":{"index":"index","follow":"follow","max-snippet":"max-snippet:-1","max-image-preview":"max-image-preview:large","max-video-preview":"max-video-preview:-1"},"canonical":"https:\/\/www.forlivinginterior.ch\/de\/residential-de\/","og_locale":"de_DE","og_type":"article","og_title":"Residential - For Living","og_url":"https:\/\/www.forlivinginterior.ch\/de\/residential-de\/","og_site_name":"For Living","article_modified_time":"2022-11-08T08:55:38+00:00","og_image":[{"url":"https:\/\/www.forlivinginterior.ch\/wp-content\/uploads\/2019\/10\/arrow_right_white.svg","type":"","width":"","height":""}],"twitter_card":"summary_large_image","twitter_misc":{"Gesch\u00e4tzte Lesezeit":"10\u00a0Minuten"},"schema":{"@context":"https:\/\/schema.org","@graph":[{"@type":"WebPage","@id":"https:\/\/www.forlivinginterior.ch\/de\/residential-de\/","url":"https:\/\/www.forlivinginterior.ch\/de\/residential-de\/","name":"Residential - For Living","isPartOf":{"@id":"https:\/\/www.forlivinginterior.ch\/#website"},"primaryImageOfPage":{"@id":"https:\/\/www.forlivinginterior.ch\/de\/residential-de\/#primaryimage"},"image":{"@id":"https:\/\/www.forlivinginterior.ch\/de\/residential-de\/#primaryimage"},"thumbnailUrl":"https:\/\/www.forlivinginterior.ch\/wp-content\/uploads\/2019\/10\/arrow_right_white.svg","datePublished":"2022-08-07T08:39:59+00:00","dateModified":"2022-11-08T08:55:38+00:00","breadcrumb":{"@id":"https:\/\/www.forlivinginterior.ch\/de\/residential-de\/#breadcrumb"},"inLanguage":"de","potentialAction":[{"@type":"ReadAction","target":["https:\/\/www.forlivinginterior.ch\/de\/residential-de\/"]}]},{"@type":"ImageObject","inLanguage":"de","@id":"https:\/\/www.forlivinginterior.ch\/de\/residential-de\/#primaryimage","url":"https:\/\/www.forlivinginterior.ch\/wp-content\/uploads\/2019\/10\/arrow_right_white.svg","contentUrl":"https:\/\/www.forlivinginterior.ch\/wp-content\/uploads\/2019\/10\/arrow_right_white.svg"},{"@type":"BreadcrumbList","@id":"https:\/\/www.forlivinginterior.ch\/de\/residential-de\/#breadcrumb","itemListElement":[{"@type":"ListItem","position":1,"name":"Home","item":"https:\/\/www.forlivinginterior.ch\/de\/"},{"@type":"ListItem","position":2,"name":"Residential"}]},{"@type":"WebSite","@id":"https:\/\/www.forlivinginterior.ch\/#website","url":"https:\/\/www.forlivinginterior.ch\/","name":"For Living","description":"Bespoke made in Italy interiors.","potentialAction":[{"@type":"SearchAction","target":{"@type":"EntryPoint","urlTemplate":"https:\/\/www.forlivinginterior.ch\/?s={search_term_string}"},"query-input":{"@type":"PropertyValueSpecification","valueRequired":true,"valueName":"search_term_string"}}],"inLanguage":"de"}]}},"_links":{"self":[{"href":"https:\/\/www.forlivinginterior.ch\/de\/wp-json\/wp\/v2\/pages\/11234","targetHints":{"allow":["GET"]}}],"collection":[{"href":"https:\/\/www.forlivinginterior.ch\/de\/wp-json\/wp\/v2\/pages"}],"about":[{"href":"https:\/\/www.forlivinginterior.ch\/de\/wp-json\/wp\/v2\/types\/page"}],"author":[{"embeddable":true,"href":"https:\/\/www.forlivinginterior.ch\/de\/wp-json\/wp\/v2\/users\/2"}],"replies":[{"embeddable":true,"href":"https:\/\/www.forlivinginterior.ch\/de\/wp-json\/wp\/v2\/comments?post=11234"}],"version-history":[{"count":0,"href":"https:\/\/www.forlivinginterior.ch\/de\/wp-json\/wp\/v2\/pages\/11234\/revisions"}],"wp:attachment":[{"href":"https:\/\/www.forlivinginterior.ch\/de\/wp-json\/wp\/v2\/media?parent=11234"}],"curies":[{"name":"wp","href":"https:\/\/api.w.org\/{rel}","templated":true}]}}